{"version":"1.0","provider_name":"Futbolandia","provider_url":"https:\/\/www.manquepierda.com\/futbolandia","author_name":"Adol Hern\u00e1ez","author_url":"https:\/\/www.manquepierda.com\/futbolandia\/author\/adolhernaez\/","title":"\u00bfD\u00f3nde est\u00e1s D\u00eddac Vil\u00e1? &#8211; Futbolandia","type":"rich","width":600,"height":338,"html":"<blockquote class=\"wp-embedded-content\" data-secret=\"5GnO3KqNJO\"><a href=\"https:\/\/www.manquepierda.com\/futbolandia\/donde-estas-didac-vila\/\">\u00bfD\u00f3nde est\u00e1s D\u00eddac Vil\u00e1?<\/a><\/blockquote><iframe sandbox=\"allow-scripts\" security=\"restricted\" src=\"https:\/\/www.manquepierda.com\/futbolandia\/donde-estas-didac-vila\/embed\/#?secret=5GnO3KqNJO\" width=\"600\" height=\"338\" title=\"\u00ab\u00bfD\u00f3nde est\u00e1s D\u00eddac Vil\u00e1?\u00bb \u2014 Futbolandia\" data-secret=\"5GnO3KqNJO\" frameborder=\"0\" marginwidth=\"0\" marginheight=\"0\" scrolling=\"no\" class=\"wp-embedded-content\"><\/iframe><script>\n\/*! This file is auto-generated *\/\n!function(d,l){\"use strict\";l.querySelector&&d.addEventListener&&\"undefined\"!=typeof URL&&(d.wp=d.wp||{},d.wp.receiveEmbedMessage||(d.wp.receiveEmbedMessage=function(e){var t=e.data;if((t||t.secret||t.message||t.value)&&!\/[^a-zA-Z0-9]\/.test(t.secret)){for(var s,r,n,a=l.querySelectorAll('iframe[data-secret=\"'+t.secret+'\"]'),o=l.querySelectorAll('blockquote[data-secret=\"'+t.secret+'\"]'),c=new RegExp(\"^https?:$\",\"i\"),i=0;i<o.length;i++)o[i].style.display=\"none\";for(i=0;i<a.length;i++)s=a[i],e.source===s.contentWindow&&(s.removeAttribute(\"style\"),\"height\"===t.message?(1e3<(r=parseInt(t.value,10))?r=1e3:~~r<200&&(r=200),s.height=r):\"link\"===t.message&&(r=new URL(s.getAttribute(\"src\")),n=new URL(t.value),c.test(n.protocol))&&n.host===r.host&&l.activeElement===s&&(d.top.location.href=t.value))}},d.addEventListener(\"message\",d.wp.receiveEmbedMessage,!1),l.addEventListener(\"DOMContentLoaded\",function(){for(var e,t,s=l.querySelectorAll(\"iframe.wp-embedded-content\"),r=0;r<s.length;r++)(t=(e=s[r]).getAttribute(\"data-secret\"))||(t=Math.random().toString(36).substring(2,12),e.src+=\"#?secret=\"+t,e.setAttribute(\"data-secret\",t)),e.contentWindow.postMessage({message:\"ready\",secret:t},\"*\")},!1)))}(window,document);\n\/\/# sourceURL=https:\/\/www.manquepierda.com\/futbolandia\/wp-includes\/js\/wp-embed.min.js\n<\/script>\n","thumbnail_url":"https:\/\/i0.wp.com\/www.manquepierda.com\/futbolandia\/files\/2014\/02\/Betis_Rubin2.jpg?fit=644%2C361&ssl=1","thumbnail_width":644,"thumbnail_height":361,"description":"\u00a0 \u00a0 \u00a0Saltaba hoy la noticia de la inclusi\u00f3n del jugador del Real Betis, D\u00eddac Vil\u00e1, en el once de la ida de los 16avos de final de la Europa League. Noticia que en el seno de la afici\u00f3n verdiblanca se ha tomado, y con raz\u00f3n, como un chiste. Cierto es que en el partido..."}