{"version":"1.0","provider_name":"Futbolandia","provider_url":"https:\/\/www.manquepierda.com\/futbolandia","author_name":"Alejandro M\u00e9rida Fern\u00e1ndez","author_url":"https:\/\/www.manquepierda.com\/futbolandia\/author\/alexmerida26\/","title":"Vascos desconcertados &#8211; Futbolandia","type":"rich","width":600,"height":338,"html":"<blockquote class=\"wp-embedded-content\" data-secret=\"V8QLNBQFmg\"><a href=\"https:\/\/www.manquepierda.com\/futbolandia\/vascos-desconcertados\/\">Vascos desconcertados<\/a><\/blockquote><iframe sandbox=\"allow-scripts\" security=\"restricted\" src=\"https:\/\/www.manquepierda.com\/futbolandia\/vascos-desconcertados\/embed\/#?secret=V8QLNBQFmg\" width=\"600\" height=\"338\" title=\"\u00abVascos desconcertados\u00bb \u2014 Futbolandia\" data-secret=\"V8QLNBQFmg\" frameborder=\"0\" marginwidth=\"0\" marginheight=\"0\" scrolling=\"no\" class=\"wp-embedded-content\"><\/iframe><script>\n\/*! This file is auto-generated *\/\n!function(d,l){\"use strict\";l.querySelector&&d.addEventListener&&\"undefined\"!=typeof URL&&(d.wp=d.wp||{},d.wp.receiveEmbedMessage||(d.wp.receiveEmbedMessage=function(e){var t=e.data;if((t||t.secret||t.message||t.value)&&!\/[^a-zA-Z0-9]\/.test(t.secret)){for(var s,r,n,a=l.querySelectorAll('iframe[data-secret=\"'+t.secret+'\"]'),o=l.querySelectorAll('blockquote[data-secret=\"'+t.secret+'\"]'),c=new RegExp(\"^https?:$\",\"i\"),i=0;i<o.length;i++)o[i].style.display=\"none\";for(i=0;i<a.length;i++)s=a[i],e.source===s.contentWindow&&(s.removeAttribute(\"style\"),\"height\"===t.message?(1e3<(r=parseInt(t.value,10))?r=1e3:~~r<200&&(r=200),s.height=r):\"link\"===t.message&&(r=new URL(s.getAttribute(\"src\")),n=new URL(t.value),c.test(n.protocol))&&n.host===r.host&&l.activeElement===s&&(d.top.location.href=t.value))}},d.addEventListener(\"message\",d.wp.receiveEmbedMessage,!1),l.addEventListener(\"DOMContentLoaded\",function(){for(var e,t,s=l.querySelectorAll(\"iframe.wp-embedded-content\"),r=0;r<s.length;r++)(t=(e=s[r]).getAttribute(\"data-secret\"))||(t=Math.random().toString(36).substring(2,12),e.src+=\"#?secret=\"+t,e.setAttribute(\"data-secret\",t)),e.contentWindow.postMessage({message:\"ready\",secret:t},\"*\")},!1)))}(window,document);\n\/\/# sourceURL=https:\/\/www.manquepierda.com\/futbolandia\/wp-includes\/js\/wp-embed.min.js\n<\/script>\n","thumbnail_url":"https:\/\/i1.wp.com\/www.manquepierda.com\/futbolandia\/files\/2015\/03\/Athletic-sportyou.es_.jpg?fit=640%2C447&ssl=1","thumbnail_width":640,"thumbnail_height":447,"description":"El auge en las \u00faltimas temporadas de los conjuntos vascos ha venido a menos en la presente. El Eibar tras su espectacular inicio hac\u00eda presagiar que no pasar\u00eda problemas al final de la campa\u00f1a, pero ya est\u00e1 metido en el l\u00edo de la permanencia. Vuelve el rugido del le\u00f3n Los leones empezaron la campa\u00f1a algo..."}